{"id":8939,"date":"2022-10-11T16:18:12","date_gmt":"2022-10-11T16:18:12","guid":{"rendered":"https:\/\/turismoguadalcanal.com\/hermandad-del-santisimo-cristo-en-el-santo-sepulcro-y-nuestra-senora-de-la-soledad\/"},"modified":"2022-10-13T16:56:00","modified_gmt":"2022-10-13T16:56:00","slug":"hermandad-del-santisimo-cristo-en-el-santo-sepulcro-y-nuestra-senora-de-la-soledad","status":"publish","type":"page","link":"https:\/\/turismoguadalcanal.com\/pt-pt\/hermandad-del-santisimo-cristo-en-el-santo-sepulcro-y-nuestra-senora-de-la-soledad\/","title":{"rendered":"Hermandad Del Sant\u00edsimo Cristo En El Santo Sepulcro Y Nuestra Se\u00f1ora De La Soledad"},"content":{"rendered":"\t\t<div data-elementor-type=\"wp-page\" data-elementor-id=\"8939\" class=\"elementor elementor-8939\" data-elementor-post-type=\"page\">\n\t\t\t\t\t\t<section class=\"elementor-section elementor-top-section elementor-element elementor-element-3d2369f elementor-section-stretched elementor-section-height-full elementor-section-boxed elementor-section-gap-beside-yes elementor-section-height-default elementor-section-items-middle elementor-section-column-vertical-align-stretch\" data-id=\"3d2369f\" data-element_type=\"section\" data-settings=\"{&quot;stretch_section&quot;:&quot;section-stretched&quot;,&quot;background_background&quot;:&quot;video&quot;,&quot;shape_divider_bottom_negative&quot;:&quot;yes&quot;,&quot;shape_divider_bottom&quot;:&quot;curve&quot;,&quot;background_video_start&quot;:20,&quot;background_video_end&quot;:36,&quot;background_play_on_mobile&quot;:&quot;yes&quot;}\">\n\t\t\t\t\t<div class=\"elementor-shape elementor-shape-bottom\" data-negative=\"true\">\n\t\t\t<svg xmlns=\"http:\/\/www.w3.org\/2000\/svg\" viewBox=\"0 0 1000 100\" preserveAspectRatio=\"none\">\n\t<path class=\"elementor-shape-fill\" d=\"M500,97C126.7,96.3,0.8,19.8,0,0v100l1000,0V1C1000,19.4,873.3,97.8,500,97z\"\/>\n<\/svg>\t\t<\/div>\n\t\t\t\t\t<div class=\"elementor-container elementor-column-gap-extended\">\n\t\t\t\t\t<div class=\"elementor-column elementor-col-100 elementor-top-column elementor-element elementor-element-3a65f921\" data-id=\"3a65f921\" data-element_type=\"column\">\n\t\t\t<div class=\"elementor-widget-wrap elementor-element-populated\">\n\t\t\t\t\t\t<div class=\"elementor-element elementor-element-6e445f51 offset-item elementor-widget elementor-widget-heading\" data-id=\"6e445f51\" data-element_type=\"widget\" data-widget_type=\"heading.default\">\n\t\t\t\t<div class=\"elementor-widget-container\">\n\t\t\t\t\t<h6 class=\"elementor-heading-title elementor-size-default\">Irmandade do Santo Cristo no Santo Sepulcro e Nossa Senhora da Solid\u00e3o<\/h6>\t\t\t\t<\/div>\n\t\t\t\t<\/div>\n\t\t\t\t\t<\/div>\n\t\t<\/div>\n\t\t\t\t\t<\/div>\n\t\t<\/section>\n\t\t\t\t<section class=\"elementor-section elementor-top-section elementor-element elementor-element-380a1c66 elementor-section-full_width elementor-section-stretched elementor-section-gap-beside-yes elementor-section-height-default elementor-section-height-default elementor-section-column-vertical-align-stretch\" data-id=\"380a1c66\" data-element_type=\"section\" data-settings=\"{&quot;stretch_section&quot;:&quot;section-stretched&quot;,&quot;background_background&quot;:&quot;classic&quot;,&quot;shape_divider_top&quot;:&quot;curve&quot;}\">\n\t\t\t\t\t<div class=\"elementor-shape elementor-shape-top\" data-negative=\"false\">\n\t\t\t<svg xmlns=\"http:\/\/www.w3.org\/2000\/svg\" viewBox=\"0 0 1000 100\" preserveAspectRatio=\"none\">\n    <path class=\"elementor-shape-fill\" d=\"M1000,4.3V0H0v4.3C0.9,23.1,126.7,99.2,500,100S1000,22.7,1000,4.3z\"\/>\n<\/svg>\t\t<\/div>\n\t\t\t\t\t<div class=\"elementor-container elementor-column-gap-default\">\n\t\t\t\t\t<div class=\"elementor-column elementor-col-50 elementor-top-column elementor-element elementor-element-191c72ee icono2\" data-id=\"191c72ee\" data-element_type=\"column\" data-settings=\"{&quot;background_background&quot;:&quot;gradient&quot;}\">\n\t\t\t<div class=\"elementor-widget-wrap elementor-element-populated\">\n\t\t\t\t\t\t<div class=\"elementor-element elementor-element-415425f elementor-widget elementor-widget-image\" data-id=\"415425f\" data-element_type=\"widget\" data-widget_type=\"image.default\">\n\t\t\t\t<div class=\"elementor-widget-container\">\n\t\t\t\t\t\t\t\t\t\t\t\t\t\t\t<img decoding=\"async\" width=\"208\" height=\"220\" src=\"https:\/\/turismoguadalcanal.com\/wp-content\/uploads\/2022\/10\/Foto-escudo-Hermandad.jpg\" class=\"attachment-large size-large wp-image-8359\" alt=\"\" \/>\t\t\t\t\t\t\t\t\t\t\t\t\t\t\t<\/div>\n\t\t\t\t<\/div>\n\t\t\t\t<div class=\"elementor-element elementor-element-aa45a8a elementor-widget elementor-widget-spacer\" data-id=\"aa45a8a\" data-element_type=\"widget\" data-widget_type=\"spacer.default\">\n\t\t\t\t<div class=\"elementor-widget-container\">\n\t\t\t\t\t\t\t<div class=\"elementor-spacer\">\n\t\t\t<div class=\"elementor-spacer-inner\"><\/div>\n\t\t<\/div>\n\t\t\t\t\t\t<\/div>\n\t\t\t\t<\/div>\n\t\t\t\t<div class=\"elementor-element elementor-element-83fd75e elementor-widget elementor-widget-heading\" data-id=\"83fd75e\" data-element_type=\"widget\" data-widget_type=\"heading.default\">\n\t\t\t\t<div class=\"elementor-widget-container\">\n\t\t\t\t\t<h2 class=\"elementor-heading-title elementor-size-default\">Escudo<\/h2>\t\t\t\t<\/div>\n\t\t\t\t<\/div>\n\t\t\t\t\t<\/div>\n\t\t<\/div>\n\t\t\t\t<div class=\"elementor-column elementor-col-50 elementor-top-column elementor-element elementor-element-4f329328 icono2\" data-id=\"4f329328\" data-element_type=\"column\" data-settings=\"{&quot;background_background&quot;:&quot;classic&quot;}\">\n\t\t\t<div class=\"elementor-widget-wrap elementor-element-populated\">\n\t\t\t\t\t\t<div class=\"elementor-element elementor-element-3c2b3b00 elementor-widget elementor-widget-text-editor\" data-id=\"3c2b3b00\" data-element_type=\"widget\" data-widget_type=\"text-editor.default\">\n\t\t\t\t<div class=\"elementor-widget-container\">\n\t\t\t\t\t\t\t\t\t<p style=\"text-align: justify; margin: 0cm 0cm 10.0pt 0cm;\"><b>Titulo:<\/b><\/p><p style=\"text-align: justify; margin: 0cm 0cm 10.0pt 0cm;\">Irmandade do Santo Cristo no Santo Sepulcro e Nossa Senhora da Solid\u00e3o.<\/p><p style=\"text-align: justify; margin: 0cm 0cm 10.0pt 0cm;\"><span style=\"white-space: pre-wrap;\"><b><span style=\"font-family: 'Calibri','sans-serif';\">A Sede Can\u00f3nica:<\/span><\/b><\/span><\/p><p style=\"text-align: justify; margin: 0cm 0cm 10.0pt 0cm;\">Igreja Paroquial de Santa Maria de la Asuncion<\/p><p style=\"text-align: justify; margin: 0cm 0cm 10.0pt 0cm;\"><span style=\"white-space: pre-wrap;\"><b><span style=\"font-family: 'Calibri','sans-serif';\">A Sede Central.<\/span><\/b><\/span><\/p><p style=\"text-align: justify; margin: 0cm 0cm 10.0pt 0cm;\">Avda. da Constitui\u00e7\u00e3o, 26<\/p>\t\t\t\t\t\t\t\t<\/div>\n\t\t\t\t<\/div>\n\t\t\t\t\t<\/div>\n\t\t<\/div>\n\t\t\t\t\t<\/div>\n\t\t<\/section>\n\t\t\t\t<section class=\"elementor-section elementor-top-section elementor-element elementor-element-541f380 elementor-section-stretched elementor-reverse-tablet elementor-reverse-mobile elementor-section-boxed elementor-section-gap-beside-yes elementor-section-height-default elementor-section-height-default elementor-section-content-align-center elementor-section-column-vertical-align-stretch\" data-id=\"541f380\" data-element_type=\"section\" data-settings=\"{&quot;stretch_section&quot;:&quot;section-stretched&quot;}\">\n\t\t\t\t\t\t<div class=\"elementor-container elementor-column-gap-extended\">\n\t\t\t\t\t<div class=\"elementor-column elementor-col-100 elementor-top-column elementor-element elementor-element-632a9ff\" data-id=\"632a9ff\" data-element_type=\"column\" data-settings=\"{&quot;background_background&quot;:&quot;classic&quot;}\">\n\t\t\t<div class=\"elementor-widget-wrap elementor-element-populated\">\n\t\t\t\t\t\t<div class=\"elementor-element elementor-element-3c02eb4 elementor-widget elementor-widget-spacer\" data-id=\"3c02eb4\" data-element_type=\"widget\" data-widget_type=\"spacer.default\">\n\t\t\t\t<div class=\"elementor-widget-container\">\n\t\t\t\t\t\t\t<div class=\"elementor-spacer\">\n\t\t\t<div class=\"elementor-spacer-inner\"><\/div>\n\t\t<\/div>\n\t\t\t\t\t\t<\/div>\n\t\t\t\t<\/div>\n\t\t\t\t<div class=\"elementor-element elementor-element-1353e2f9 elementor-widget elementor-widget-heading\" data-id=\"1353e2f9\" data-element_type=\"widget\" data-widget_type=\"heading.default\">\n\t\t\t\t<div class=\"elementor-widget-container\">\n\t\t\t\t\t<h1 class=\"elementor-heading-title elementor-size-default\">Dados relevantes<\/h1>\t\t\t\t<\/div>\n\t\t\t\t<\/div>\n\t\t\t\t<div class=\"elementor-element elementor-element-3177602a elementor-widget elementor-widget-text-editor\" data-id=\"3177602a\" data-element_type=\"widget\" data-widget_type=\"text-editor.default\">\n\t\t\t\t<div class=\"elementor-widget-container\">\n\t\t\t\t\t\t\t\t\t<p><strong>Funda\u00e7\u00e3o.<\/strong><\/p><p>\u00a0<\/p><p>Parece remontar a 1502, tornando-se oficial em 1514, tendo a sua sede no antigo convento franciscano de Nuestra Se\u00f1ora de la Piedad (hoje Cemit\u00e9rio de S\u00e3o Francisco). A 31 de Dezembro de 1835, quando o convento desapareceu, foi transferido para a Par\u00f3quia de Santa Maria de la Asunci\u00f3n.<\/p><p><span style=\"font-weight: 400;\">\u00a0<\/span><\/p><p><strong>Regras:<\/strong><\/p><p>O seu primeiro Regulamento foi aprovado pelo Prior Rodrigo de Lorenzana a 3 de Abril de 1592, como consta de um ficheiro aberto em 1601 e que est\u00e1 registado no Arquivo Geral do Arcebispado de Sevilha, sec\u00e7\u00e3o III, s\u00e9rie Justi\u00e7a, Assuntos Civis, ficheiro 3719.<\/p><p>O Regulamento actual foi aprovado pelo Arcebispo de Sevilha a 18 de Novembro de 2005.<\/p><p>Em 1626 o Papa Urbano VIII concedeu indulg\u00eancias aos membros da Irmandade de Nossa Senhora da Solid\u00e3o por Touro datado de 18 de Setembro, nas seguintes festividades: o Domingo imediatamente a seguir \u00e0 festa da Purifica\u00e7\u00e3o de Nossa Senhora, Sexta-feira Santa, P\u00e1scoa, a Inven\u00e7\u00e3o da Santa Cruz, S\u00e3o Francisco, a sexta feira e o Domingo depois da P\u00e1scoa.<\/p><p>Em 1747 a Irmandade continuou a ser enriquecida com indulg\u00eancias para as festividades da Sexta-feira das Dores, o \u00faltimo dia da P\u00e1scoa, Todos os Santos, a Assun\u00e7\u00e3o de Nossa Senhora e do Patriarca S\u00e3o Jos\u00e9, a que se devem acrescentar os quarenta dias concedidos em 1803 por Dom Jos\u00e9 Casquete de Prado, Prior de S\u00e3o Marcos de Le\u00e3o, aos fi\u00e9is que recitaram um Credo ao Cristo Sant\u00edssimo no Santo Sepulcro e uma Salva a Nossa Senhora da Solid\u00e3o.<\/p><p>\u00a0<\/p><p><strong>Imagens:<\/strong><\/p><p>Cristo en el Sepulcro (Cristo no Sepulcro) \u00e9 uma obra dos ateliers de Olot, datada de 1954.<\/p><p>A imagem da Virgem foi executada pelo escultor Jos\u00e9 Manuel Rodr\u00edguez Fern\u00e1ndez And\u00e9s, um disc\u00edpulo de Illanes e Castillo Lastrucci, que nos deixou uma obra cheia de express\u00e3o dram\u00e1tica. Foi restaurado em 1983 por Antonio Garc\u00eda Romero (professor de Belas Artes) e Matilde Garc\u00eda Mu\u00f1oz, disc\u00edpula de Buiza.<\/p><p><span style=\"font-weight: 400;\">\u00a0<\/span><\/p><p><strong>O Passe de Cristo.<\/strong><\/p><p>Magn\u00edfica urna rectangular, com ornamentos barrocos esculpidos e encimados pela figura do pelicano, aludindo ao sacrif\u00edcio do Redentor, acompanhada nos quatro cantos por figuras de anjinhos, \u00e9 colocada sobre um cesto do mesmo estilo com cesto e respiradouros, iluminada por candelabros de p\u00e1ra-brisas, esculpidos por Francisco Escote em 1954. Foi restaurado em douradura h\u00e1 alguns anos pelos ateliers de Carrasco em Zafra. \u00c9 decorado alternativamente com l\u00edrios roxos ou rosas e cravos vermelhos.<\/p><p><span style=\"font-weight: 400;\">\u00a0<\/span><\/p><p><strong>Paso de Virgen.<\/strong><\/p><p>\u00c9 do mesmo autor, embora de uma data ligeiramente anterior, e mostra um espl\u00eandido cesto de madeira talhada e dourada ao estilo barroco, sobre o qual repousa o candelabro em cada canto e ornamentado com folhas. Foi restaurado por Manuel Mar\u00eda Rosendo S\u00e1nchez, que acrescentou uma s\u00e9rie de cartuchos em relevo representando os temas da Piet\u00e0, Jesus amarrado \u00e0 coluna, Jesus o Nazareno e a Quinta Ang\u00fastia, com cabe\u00e7as de querubim nos cantos. A cruz \u00e9 de 1951 e o candelabro e os frascos de 1981, feitos em Talleres de Viuda de Villarreal.\u00a0<\/p><p>O paso inteiro est\u00e1 actualmente a ser dourado por Paco Pardo Jim\u00e9nez nas suas oficinas. A frente, os cestos nas laterais e o candelabro foram dourados at\u00e9 \u00e0 data.<\/p><p>A imagem usa um manto preto bordado em ouro, feito e doado pelas irm\u00e3s Caballero no final do s\u00e9culo XIX ou in\u00edcio do s\u00e9culo XX. Foi restaurado e transplantado para novo veludo por Miguel \u00c1ngel Le\u00f3n.<\/p><p>\u00a0<\/p><p><strong>T\u00fanicas.<\/strong><\/p><p>Preto, com bot\u00f5es vermelhos e cintura vermelha.<\/p><p><span style=\"font-weight: 400;\">\u00a0<\/span><\/p><p><strong>Instala\u00e7\u00f5es.<\/strong><\/p><p>Cruz de Guia de Jos\u00e9 Mu\u00f1oz de 1982, Senatu an\u00f3nimo, pe\u00e7a muito antiga, Guion de Francisco Garc\u00eda Serrano.<\/p><p><span style=\"font-weight: 400;\">\u00a0<\/span><\/p><p><strong>Adora\u00e7\u00e3o.<\/strong><\/p><p>Celebra os seus servi\u00e7os (Septen\u00e1rio) na semana anterior \u00e0 Semana da Paix\u00e3o e para os fi\u00e9is que partiram no m\u00eas de Novembro.<\/p><p>Este ano marca o 75\u00ba anivers\u00e1rio da imagem de Cristo, pelo que ser\u00e3o realizadas v\u00e1rias actividades, Triduum, Fun\u00e7\u00e3o Principal do Instituto, Besapi\u00e9, Poster, exposi\u00e7\u00e3o e provavelmente Via Crucis.<\/p><p>\u00a0<\/p><p><strong>Desfile de prociss\u00e3o.<\/strong><\/p><p>O cortejo processional tem lugar na Sexta-feira Santa \u00e0s 20 horas pelas ruas de Guadalcanal, acompanhado por representantes das irmandades e autoridades. Cristo \u00e9 levado em sil\u00eancio. E a Virgem acompanhada pela Associa\u00e7\u00e3o Musical Alan\u00eds.<\/p><p>Um total de 120 nazarenos desfilam na prociss\u00e3o. O Paso del Cristo \u00e9 transportado por 24 Costaleros e a Virgem por 28. H\u00e1 dois capatazes para o Cristo e dois para a Virgem.<\/p><p>\u00a0<\/p><p><strong>Fun\u00e7\u00f5es sociais:<\/strong><\/p><p>Fornece ajuda \u00e0 par\u00f3quia e \u00e0 C\u00e1ritas. Tamb\u00e9m realiza a Opera\u00e7\u00e3o Kilo com as outras Irmandades.<\/p><p>\u00a0Est\u00e1 ligado \u00e0s Associa\u00e7\u00f5es de &#8220;ORGAN DONORS E TRANSPLANTES&#8221;. Atrav\u00e9s da Irmandade e juntamente com a C\u00e2mara Municipal, uma pra\u00e7a \u00e9 dedicada aos doadores de \u00f3rg\u00e3os e no s\u00e1bado antes do Domingo de P\u00e1scoa, um doador ou transplante de \u00f3rg\u00e3os acende uma vela na est\u00e1tua da Virgem com o t\u00edtulo &#8220;<strong>SOLEDAD DE VIDA<\/strong>&#8221;\u00a0<\/p><p>\u00a0<\/p><p><strong>N\u00famero de irm\u00e3os e irm\u00e3s na Irmandade.<\/strong><\/p><p>Quatrocentos e quarenta e um irm\u00e3os.<\/p><p><span style=\"font-weight: 400;\">\u00a0<\/span><\/p><p><strong>Nome dos Irm\u00e3os ou Irm\u00e3s mais velhos da Irmandade desde a sua funda\u00e7\u00e3o at\u00e9 aos dias de hoje.<\/strong><\/p><p>Como o primeiro livro da Irmandade desapareceu, \u00e9 imposs\u00edvel compilar todos eles.<\/p><p>\u00a0<\/p><p><strong>Mellada da C\u00e2mara Municipal de Guadalcanal.<\/strong><\/p><p>Em 2012 a medalha de Guadalcanal foi atribu\u00edda pela C\u00e2mara Municipal \u00e0 imagem de Nossa Senhora da Solid\u00e3o, por ocasi\u00e3o do 75\u00ba anivers\u00e1rio da imagem sagrada da nossa santa padroeira.<\/p><p>A medalha foi atribu\u00edda no Paseo del Palacio pelo Presidente da C\u00e2mara de Guadalcanal, Sr. Jes\u00fas Manuel Mart\u00ednez Nogales.<\/p><p>Entre outros eventos foi uma proclama\u00e7\u00e3o de D\u00aa Clotilde Uceda.<\/p><p>No ano 2021 celebr\u00e1mos o 75\u00ba anivers\u00e1rio da imagem do nosso titular Sant\u00edsimo Cristo Yacente en el Santo Sepulcro.<\/p>\t\t\t\t\t\t\t\t<\/div>\n\t\t\t\t<\/div>\n\t\t\t\t\t<\/div>\n\t\t<\/div>\n\t\t\t\t\t<\/div>\n\t\t<\/section>\n\t\t\t\t<section class=\"elementor-section elementor-top-section elementor-element elementor-element-176e9607 elementor-section-stretched elementor-section-boxed elementor-section-gap-beside-yes elementor-section-height-default elementor-section-height-default elementor-section-column-vertical-align-stretch\" data-id=\"176e9607\" data-element_type=\"section\" data-settings=\"{&quot;stretch_section&quot;:&quot;section-stretched&quot;,&quot;background_background&quot;:&quot;video&quot;,&quot;background_video_start&quot;:20,&quot;background_video_end&quot;:23,&quot;background_play_on_mobile&quot;:&quot;yes&quot;}\">\n\t\t\t\t\t\t<div class=\"elementor-container elementor-column-gap-extended\">\n\t\t\t\t\t<div class=\"elementor-column elementor-col-100 elementor-top-column elementor-element elementor-element-2cf2668c\" data-id=\"2cf2668c\" data-element_type=\"column\">\n\t\t\t<div class=\"elementor-widget-wrap elementor-element-populated\">\n\t\t\t\t\t\t<div class=\"elementor-element elementor-element-9e24374 offset-item elementor-widget elementor-widget-heading\" data-id=\"9e24374\" data-element_type=\"widget\" data-widget_type=\"heading.default\">\n\t\t\t\t<div class=\"elementor-widget-container\">\n\t\t\t\t\t<h2 class=\"elementor-heading-title elementor-size-default\"><a href=\"https:\/\/turismoguadalcanal.com\/rutas\/\">Galeria<\/a><\/h2>\t\t\t\t<\/div>\n\t\t\t\t<\/div>\n\t\t\t\t<div class=\"elementor-element elementor-element-400e849b elementor-widget-divider--view-line elementor-widget elementor-widget-divider\" data-id=\"400e849b\" data-element_type=\"widget\" data-widget_type=\"divider.default\">\n\t\t\t\t<div class=\"elementor-widget-container\">\n\t\t\t\t\t\t\t<div class=\"elementor-divider\">\n\t\t\t<span class=\"elementor-divider-separator\">\n\t\t\t\t\t\t<\/span>\n\t\t<\/div>\n\t\t\t\t\t\t<\/div>\n\t\t\t\t<\/div>\n\t\t\t\t<div class=\"elementor-element elementor-element-6c017069 elementor-widget elementor-widget-gallery\" data-id=\"6c017069\" data-element_type=\"widget\" data-settings=\"{&quot;lazyload&quot;:&quot;yes&quot;,&quot;gallery_layout&quot;:&quot;grid&quot;,&quot;columns&quot;:4,&quot;columns_tablet&quot;:2,&quot;columns_mobile&quot;:1,&quot;gap&quot;:{&quot;unit&quot;:&quot;px&quot;,&quot;size&quot;:10,&quot;sizes&quot;:[]},&quot;gap_tablet&quot;:{&quot;unit&quot;:&quot;px&quot;,&quot;size&quot;:10,&quot;sizes&quot;:[]},&quot;gap_mobile&quot;:{&quot;unit&quot;:&quot;px&quot;,&quot;size&quot;:10,&quot;sizes&quot;:[]},&quot;link_to&quot;:&quot;file&quot;,&quot;aspect_ratio&quot;:&quot;3:2&quot;,&quot;overlay_background&quot;:&quot;yes&quot;,&quot;content_hover_animation&quot;:&quot;fade-in&quot;}\" data-widget_type=\"gallery.default\">\n\t\t\t\t<div class=\"elementor-widget-container\">\n\t\t\t\t\t\t\t<div class=\"elementor-gallery__container\">\n\t\t\t\t\t\t\t<a class=\"e-gallery-item elementor-gallery-item elementor-animated-content\" href=\"https:\/\/turismoguadalcanal.com\/wp-content\/uploads\/2022\/10\/Foto-Cristo-Yacente-2.jpg\" data-elementor-open-lightbox=\"yes\" data-elementor-lightbox-slideshow=\"6c017069\" data-elementor-lightbox-title=\"Foto Cristo Yacente 2\" data-e-action-hash=\"#elementor-action%3Aaction%3Dlightbox%26settings%3DeyJpZCI6ODM1NSwidXJsIjoiaHR0cHM6XC9cL3R1cmlzbW9ndWFkYWxjYW5hbC5jb21cL3dwLWNvbnRlbnRcL3VwbG9hZHNcLzIwMjJcLzEwXC9Gb3RvLUNyaXN0by1ZYWNlbnRlLTIuanBnIiwic2xpZGVzaG93IjoiNmMwMTcwNjkifQ%3D%3D\">\n\t\t\t\t\t<div class=\"e-gallery-image elementor-gallery-item__image\" data-thumbnail=\"https:\/\/turismoguadalcanal.com\/wp-content\/uploads\/2022\/10\/Foto-Cristo-Yacente-2-217x300.jpg\" data-width=\"217\" data-height=\"300\" aria-label=\"\" role=\"img\" ><\/div>\n\t\t\t\t\t\t\t\t\t\t\t<div class=\"elementor-gallery-item__overlay\"><\/div>\n\t\t\t\t\t\t\t\t\t\t\t\t\t\t<\/a>\n\t\t\t\t\t\t\t<a class=\"e-gallery-item elementor-gallery-item elementor-animated-content\" href=\"https:\/\/turismoguadalcanal.com\/wp-content\/uploads\/2022\/10\/Foto-Cristo-Yacente.jpg\" data-elementor-open-lightbox=\"yes\" data-elementor-lightbox-slideshow=\"6c017069\" data-elementor-lightbox-title=\"Foto Cristo Yacente\" data-e-action-hash=\"#elementor-action%3Aaction%3Dlightbox%26settings%3DeyJpZCI6ODM1NywidXJsIjoiaHR0cHM6XC9cL3R1cmlzbW9ndWFkYWxjYW5hbC5jb21cL3dwLWNvbnRlbnRcL3VwbG9hZHNcLzIwMjJcLzEwXC9Gb3RvLUNyaXN0by1ZYWNlbnRlLmpwZyIsInNsaWRlc2hvdyI6IjZjMDE3MDY5In0%3D\">\n\t\t\t\t\t<div class=\"e-gallery-image elementor-gallery-item__image\" data-thumbnail=\"https:\/\/turismoguadalcanal.com\/wp-content\/uploads\/2022\/10\/Foto-Cristo-Yacente-138x300.jpg\" data-width=\"138\" data-height=\"300\" aria-label=\"\" role=\"img\" ><\/div>\n\t\t\t\t\t\t\t\t\t\t\t<div class=\"elementor-gallery-item__overlay\"><\/div>\n\t\t\t\t\t\t\t\t\t\t\t\t\t\t<\/a>\n\t\t\t\t\t\t\t<a class=\"e-gallery-item elementor-gallery-item elementor-animated-content\" href=\"https:\/\/turismoguadalcanal.com\/wp-content\/uploads\/2022\/10\/Foto-paso-Cristo-Yacente.jpg\" data-elementor-open-lightbox=\"yes\" data-elementor-lightbox-slideshow=\"6c017069\" data-elementor-lightbox-title=\"Foto paso Cristo Yacente\" data-e-action-hash=\"#elementor-action%3Aaction%3Dlightbox%26settings%3DeyJpZCI6ODM2MSwidXJsIjoiaHR0cHM6XC9cL3R1cmlzbW9ndWFkYWxjYW5hbC5jb21cL3dwLWNvbnRlbnRcL3VwbG9hZHNcLzIwMjJcLzEwXC9Gb3RvLXBhc28tQ3Jpc3RvLVlhY2VudGUuanBnIiwic2xpZGVzaG93IjoiNmMwMTcwNjkifQ%3D%3D\">\n\t\t\t\t\t<div class=\"e-gallery-image elementor-gallery-item__image\" data-thumbnail=\"https:\/\/turismoguadalcanal.com\/wp-content\/uploads\/2022\/10\/Foto-paso-Cristo-Yacente-300x225.jpg\" data-width=\"300\" data-height=\"225\" aria-label=\"\" role=\"img\" ><\/div>\n\t\t\t\t\t\t\t\t\t\t\t<div class=\"elementor-gallery-item__overlay\"><\/div>\n\t\t\t\t\t\t\t\t\t\t\t\t\t\t<\/a>\n\t\t\t\t\t\t\t<a class=\"e-gallery-item elementor-gallery-item elementor-animated-content\" href=\"https:\/\/turismoguadalcanal.com\/wp-content\/uploads\/2022\/10\/Foto-paso-Soledad.jpg\" data-elementor-open-lightbox=\"yes\" data-elementor-lightbox-slideshow=\"6c017069\" data-elementor-lightbox-title=\"Foto paso Soledad\" data-e-action-hash=\"#elementor-action%3Aaction%3Dlightbox%26settings%3DeyJpZCI6ODM2MywidXJsIjoiaHR0cHM6XC9cL3R1cmlzbW9ndWFkYWxjYW5hbC5jb21cL3dwLWNvbnRlbnRcL3VwbG9hZHNcLzIwMjJcLzEwXC9Gb3RvLXBhc28tU29sZWRhZC5qcGciLCJzbGlkZXNob3ciOiI2YzAxNzA2OSJ9\">\n\t\t\t\t\t<div class=\"e-gallery-image elementor-gallery-item__image\" data-thumbnail=\"https:\/\/turismoguadalcanal.com\/wp-content\/uploads\/2022\/10\/Foto-paso-Soledad-300x204.jpg\" data-width=\"300\" data-height=\"204\" aria-label=\"\" role=\"img\" ><\/div>\n\t\t\t\t\t\t\t\t\t\t\t<div class=\"elementor-gallery-item__overlay\"><\/div>\n\t\t\t\t\t\t\t\t\t\t\t\t\t\t<\/a>\n\t\t\t\t\t\t\t<a class=\"e-gallery-item elementor-gallery-item elementor-animated-content\" href=\"https:\/\/turismoguadalcanal.com\/wp-content\/uploads\/2022\/10\/Foto-Soledad-2.jpg\" data-elementor-open-lightbox=\"yes\" data-elementor-lightbox-slideshow=\"6c017069\" data-elementor-lightbox-title=\"Foto Soledad 2\" data-e-action-hash=\"#elementor-action%3Aaction%3Dlightbox%26settings%3DeyJpZCI6ODM2NSwidXJsIjoiaHR0cHM6XC9cL3R1cmlzbW9ndWFkYWxjYW5hbC5jb21cL3dwLWNvbnRlbnRcL3VwbG9hZHNcLzIwMjJcLzEwXC9Gb3RvLVNvbGVkYWQtMi5qcGciLCJzbGlkZXNob3ciOiI2YzAxNzA2OSJ9\">\n\t\t\t\t\t<div class=\"e-gallery-image elementor-gallery-item__image\" data-thumbnail=\"https:\/\/turismoguadalcanal.com\/wp-content\/uploads\/2022\/10\/Foto-Soledad-2-225x300.jpg\" data-width=\"225\" data-height=\"300\" aria-label=\"\" role=\"img\" ><\/div>\n\t\t\t\t\t\t\t\t\t\t\t<div class=\"elementor-gallery-item__overlay\"><\/div>\n\t\t\t\t\t\t\t\t\t\t\t\t\t\t<\/a>\n\t\t\t\t\t\t\t<a class=\"e-gallery-item elementor-gallery-item elementor-animated-content\" href=\"https:\/\/turismoguadalcanal.com\/wp-content\/uploads\/2022\/10\/Foto-Soledad.jpg\" data-elementor-open-lightbox=\"yes\" data-elementor-lightbox-slideshow=\"6c017069\" data-elementor-lightbox-title=\"Foto Soledad\" data-e-action-hash=\"#elementor-action%3Aaction%3Dlightbox%26settings%3DeyJpZCI6ODM2NywidXJsIjoiaHR0cHM6XC9cL3R1cmlzbW9ndWFkYWxjYW5hbC5jb21cL3dwLWNvbnRlbnRcL3VwbG9hZHNcLzIwMjJcLzEwXC9Gb3RvLVNvbGVkYWQuanBnIiwic2xpZGVzaG93IjoiNmMwMTcwNjkifQ%3D%3D\">\n\t\t\t\t\t<div class=\"e-gallery-image elementor-gallery-item__image\" data-thumbnail=\"https:\/\/turismoguadalcanal.com\/wp-content\/uploads\/2022\/10\/Foto-Soledad-225x300.jpg\" data-width=\"225\" data-height=\"300\" aria-label=\"\" role=\"img\" ><\/div>\n\t\t\t\t\t\t\t\t\t\t\t<div class=\"elementor-gallery-item__overlay\"><\/div>\n\t\t\t\t\t\t\t\t\t\t\t\t\t\t<\/a>\n\t\t\t\t\t<\/div>\n\t\t\t\t\t<\/div>\n\t\t\t\t<\/div>\n\t\t\t\t\t<\/div>\n\t\t<\/div>\n\t\t\t\t\t<\/div>\n\t\t<\/section>\n\t\t\t\t<\/div>\n\t\t","protected":false},"excerpt":{"rendered":"<p>Irmandade do Santo Cristo no Santo Sepulcro e Nossa Senhora da Solid\u00e3o Escudo Titulo: Irmandade do Santo Cristo no Santo Sepulcro e Nossa Senhora da Solid\u00e3o. A Sede Can\u00f3nica: Igreja Paroquial de Santa Maria de la Asuncion A Sede Central. Avda. da Constitui\u00e7\u00e3o, 26 Dados relevantes Funda\u00e7\u00e3o. \u00a0 Parece remontar a 1502, tornando-se oficial em [&hellip;]<\/p>\n","protected":false},"author":1,"featured_media":0,"parent":0,"menu_order":0,"comment_status":"closed","ping_status":"closed","template":"","meta":{"footnotes":""},"class_list":["post-8939","page","type-page","status-publish","hentry"],"_links":{"self":[{"href":"https:\/\/turismoguadalcanal.com\/pt-pt\/wp-json\/wp\/v2\/pages\/8939","targetHints":{"allow":["GET"]}}],"collection":[{"href":"https:\/\/turismoguadalcanal.com\/pt-pt\/wp-json\/wp\/v2\/pages"}],"about":[{"href":"https:\/\/turismoguadalcanal.com\/pt-pt\/wp-json\/wp\/v2\/types\/page"}],"author":[{"embeddable":true,"href":"https:\/\/turismoguadalcanal.com\/pt-pt\/wp-json\/wp\/v2\/users\/1"}],"replies":[{"embeddable":true,"href":"https:\/\/turismoguadalcanal.com\/pt-pt\/wp-json\/wp\/v2\/comments?post=8939"}],"version-history":[{"count":9,"href":"https:\/\/turismoguadalcanal.com\/pt-pt\/wp-json\/wp\/v2\/pages\/8939\/revisions"}],"predecessor-version":[{"id":8964,"href":"https:\/\/turismoguadalcanal.com\/pt-pt\/wp-json\/wp\/v2\/pages\/8939\/revisions\/8964"}],"wp:attachment":[{"href":"https:\/\/turismoguadalcanal.com\/pt-pt\/wp-json\/wp\/v2\/media?parent=8939"}],"curies":[{"name":"wp","href":"https:\/\/api.w.org\/{rel}","templated":true}]}}